{"id":105,"date":"2020-10-14T12:19:59","date_gmt":"2020-10-14T12:19:59","guid":{"rendered":"https:\/\/demo.mysterythemes.com\/news-portal-elementor\/?page_id=105"},"modified":"2022-08-29T09:30:46","modified_gmt":"2022-08-29T14:30:46","slug":"elementor-home","status":"publish","type":"page","link":"https:\/\/oyntv.co\/noticias\/","title":{"rendered":"Elementor Home"},"content":{"rendered":"\t\t<div data-elementor-type=\"wp-page\" data-elementor-id=\"105\" class=\"elementor elementor-105\">\n\t\t\t\t\t\t<div class=\"elementor-inner\">\n\t\t\t\t<div class=\"elementor-section-wrap\">\n\t\t\t\t\t\t\t\t\t<section class=\"elementor-section elementor-top-section elementor-element elementor-element-3d1a5e8 elementor-section-full_width elementor-section-height-default elementor-section-height-default\" data-id=\"3d1a5e8\" data-element_type=\"section\">\n\t\t\t\t\t\t<div class=\"elementor-container elementor-column-gap-no\">\n\t\t\t\t\t\t\t<div class=\"elementor-row\">\n\t\t\t\t\t<div class=\"elementor-column elementor-col-100 elementor-top-column elementor-element elementor-element-2ecd55a\" data-id=\"2ecd55a\" data-element_type=\"column\">\n\t\t\t<div class=\"elementor-column-wrap\">\n\t\t\t\t\t\t\t<div class=\"elementor-widget-wrap\">\n\t\t\t\t\t\t\t\t<\/div>\n\t\t\t\t\t<\/div>\n\t\t<\/div>\n\t\t\t\t\t\t\t\t<\/div>\n\t\t\t\t\t<\/div>\n\t\t<\/section>\n\t\t\t\t<section class=\"elementor-section elementor-top-section elementor-element elementor-element-09aa1e3 elementor-section-full_width elementor-section-height-default elementor-section-height-default\" data-id=\"09aa1e3\" data-element_type=\"section\">\n\t\t\t\t\t\t<div class=\"elementor-container elementor-column-gap-no\">\n\t\t\t\t\t\t\t<div class=\"elementor-row\">\n\t\t\t\t\t<div class=\"elementor-column elementor-col-100 elementor-top-column elementor-element elementor-element-a96d6c9\" data-id=\"a96d6c9\" data-element_type=\"column\">\n\t\t\t<div class=\"elementor-column-wrap elementor-element-populated\">\n\t\t\t\t\t\t\t<div class=\"elementor-widget-wrap\">\n\t\t\t\t\t\t<div class=\"elementor-element elementor-element-7da4091 elementor-widget elementor-widget-spacer\" data-id=\"7da4091\" data-element_type=\"widget\" data-widget_type=\"spacer.default\">\n\t\t\t\t<div class=\"elementor-widget-container\">\n\t\t\t\t\t<div class=\"elementor-spacer\">\n\t\t\t<div class=\"elementor-spacer-inner\"><\/div>\n\t\t<\/div>\n\t\t\t\t<\/div>\n\t\t\t\t<\/div>\n\t\t\t\t\t\t<\/div>\n\t\t\t\t\t<\/div>\n\t\t<\/div>\n\t\t\t\t\t\t\t\t<\/div>\n\t\t\t\t\t<\/div>\n\t\t<\/section>\n\t\t\t\t<section class=\"elementor-section elementor-top-section elementor-element elementor-element-dcd2714 elementor-section-boxed elementor-section-height-default elementor-section-height-default\" data-id=\"dcd2714\" data-element_type=\"section\">\n\t\t\t\t\t\t<div class=\"elementor-container elementor-column-gap-default\">\n\t\t\t\t\t\t\t<div class=\"elementor-row\">\n\t\t\t\t\t<div class=\"elementor-column elementor-col-50 elementor-top-column elementor-element elementor-element-99ccaaf\" data-id=\"99ccaaf\" data-element_type=\"column\">\n\t\t\t<div class=\"elementor-column-wrap elementor-element-populated\">\n\t\t\t\t\t\t\t<div class=\"elementor-widget-wrap\">\n\t\t\t\t\t\t<div class=\"elementor-element elementor-element-b4ecf82 elementor-widget elementor-widget-heading\" data-id=\"b4ecf82\" data-element_type=\"widget\" data-widget_type=\"heading.default\">\n\t\t\t\t<div class=\"elementor-widget-container\">\n\t\t\t<h2 class=\"elementor-heading-title elementor-size-default\"><a href=\"https:\/\/oyntv.co\/noticias\/2022\/08\/25\/hallan-en-bogota-3-cadaveres-embolsados-con-signos-de-tortura\/\">Petro autoriza a alcaldes en zonas de conflicto para que den \u00f3rdenes a la Fuerza P\u00fablica<\/a><\/h2>\t\t<\/div>\n\t\t\t\t<\/div>\n\t\t\t\t<div class=\"elementor-element elementor-element-e7a141d elementor-widget elementor-widget-text-editor\" data-id=\"e7a141d\" data-element_type=\"widget\" data-widget_type=\"text-editor.default\">\n\t\t\t\t<div class=\"elementor-widget-container\">\n\t\t\t\t\t\t\t\t<div class=\"elementor-text-editor elementor-clearfix\">\n\t\t\t\t<p>En su visita a Ituango, Antioquia el presidente Gustavo Petro dio una pol\u00e9mica instrucci\u00f3n a la Fuerza P\u00fablica para que obedezcan a los alcaldes de los 65 municipios con m\u00e1s \u00edndices de violencia.<\/p>\t\t\t\t\t<\/div>\n\t\t\t\t\t\t<\/div>\n\t\t\t\t<\/div>\n\t\t\t\t\t\t<\/div>\n\t\t\t\t\t<\/div>\n\t\t<\/div>\n\t\t\t\t<div class=\"elementor-column elementor-col-50 elementor-top-column elementor-element elementor-element-c73476d\" data-id=\"c73476d\" data-element_type=\"column\">\n\t\t\t<div class=\"elementor-column-wrap elementor-element-populated\">\n\t\t\t\t\t\t\t<div class=\"elementor-widget-wrap\">\n\t\t\t\t\t\t<div class=\"elementor-element elementor-element-90726e1 elementor-hidden-mobile elementor-widget elementor-widget-image\" data-id=\"90726e1\" data-element_type=\"widget\" data-widget_type=\"image.default\">\n\t\t\t\t<div class=\"elementor-widget-container\">\n\t\t\t\t\t\t\t\t<div class=\"elementor-image\">\n\t\t\t\t\t\t\t\t\t\t\t\t<img width=\"780\" height=\"565\" src=\"https:\/\/oyntv.co\/noticias\/wp-content\/uploads\/2022\/08\/WhatsApp-Image-2022-08-29-at-9.27.21-AM.jpeg\" class=\"attachment-2048x2048 size-2048x2048\" alt=\"\" loading=\"lazy\" srcset=\"https:\/\/oyntv.co\/noticias\/wp-content\/uploads\/2022\/08\/WhatsApp-Image-2022-08-29-at-9.27.21-AM.jpeg 780w, https:\/\/oyntv.co\/noticias\/wp-content\/uploads\/2022\/08\/WhatsApp-Image-2022-08-29-at-9.27.21-AM-300x217.jpeg 300w, https:\/\/oyntv.co\/noticias\/wp-content\/uploads\/2022\/08\/WhatsApp-Image-2022-08-29-at-9.27.21-AM-768x556.jpeg 768w, https:\/\/oyntv.co\/noticias\/wp-content\/uploads\/2022\/08\/WhatsApp-Image-2022-08-29-at-9.27.21-AM-130x95.jpeg 130w\" sizes=\"(max-width: 780px) 100vw, 780px\" \/>\t\t\t\t\t\t\t\t\t\t\t\t\t\t<\/div>\n\t\t\t\t\t\t<\/div>\n\t\t\t\t<\/div>\n\t\t\t\t\t\t<\/div>\n\t\t\t\t\t<\/div>\n\t\t<\/div>\n\t\t\t\t\t\t\t\t<\/div>\n\t\t\t\t\t<\/div>\n\t\t<\/section>\n\t\t\t\t<section class=\"elementor-section elementor-top-section elementor-element elementor-element-e897923 elementor-section-boxed elementor-section-height-default elementor-section-height-default\" data-id=\"e897923\" data-element_type=\"section\">\n\t\t\t\t\t\t<div class=\"elementor-container elementor-column-gap-default\">\n\t\t\t\t\t\t\t<div class=\"elementor-row\">\n\t\t\t\t\t<div class=\"elementor-column elementor-col-100 elementor-top-column elementor-element elementor-element-233cad4\" data-id=\"233cad4\" data-element_type=\"column\">\n\t\t\t<div class=\"elementor-column-wrap elementor-element-populated\">\n\t\t\t\t\t\t\t<div class=\"elementor-widget-wrap\">\n\t\t\t\t\t\t<div class=\"elementor-element elementor-element-3b4fe4b elementor-widget elementor-widget-button\" data-id=\"3b4fe4b\" data-element_type=\"widget\" data-widget_type=\"button.default\">\n\t\t\t\t<div class=\"elementor-widget-container\">\n\t\t\t\t\t<div class=\"elementor-button-wrapper\">\n\t\t\t<a href=\"https:\/\/oyntv.co\/noticias\/2022\/08\/29\/petro-autoriza-a-alcaldes-en-zonas-de-conflicto-para-que-den-ordenes-a-la-fuerza-publica\/\" class=\"elementor-button-link elementor-button elementor-size-sm\" role=\"button\">\n\t\t\t\t\t\t<span class=\"elementor-button-content-wrapper\">\n\t\t\t\t\t\t\t<span class=\"elementor-button-icon elementor-align-icon-left\">\n\t\t\t\t<i aria-hidden=\"true\" class=\"far fa-play-circle\"><\/i>\t\t\t<\/span>\n\t\t\t\t\t\t<span class=\"elementor-button-text\">Ver M\u00e1s<\/span>\n\t\t<\/span>\n\t\t\t\t\t<\/a>\n\t\t<\/div>\n\t\t\t\t<\/div>\n\t\t\t\t<\/div>\n\t\t\t\t<div class=\"elementor-element elementor-element-c26e801 elementor-grid-3 elementor-grid-tablet-2 elementor-grid-mobile-1 elementor-posts--thumbnail-top elementor-card-shadow-yes elementor-posts__hover-gradient elementor-widget elementor-widget-posts\" data-id=\"c26e801\" data-element_type=\"widget\" data-settings=\"{&quot;cards_columns&quot;:&quot;3&quot;,&quot;cards_columns_tablet&quot;:&quot;2&quot;,&quot;cards_columns_mobile&quot;:&quot;1&quot;,&quot;cards_row_gap&quot;:{&quot;unit&quot;:&quot;px&quot;,&quot;size&quot;:35,&quot;sizes&quot;:[]},&quot;cards_row_gap_tablet&quot;:{&quot;unit&quot;:&quot;px&quot;,&quot;size&quot;:&quot;&quot;,&quot;sizes&quot;:[]},&quot;cards_row_gap_mobile&quot;:{&quot;unit&quot;:&quot;px&quot;,&quot;size&quot;:&quot;&quot;,&quot;sizes&quot;:[]}}\" data-widget_type=\"posts.cards\">\n\t\t\t\t<div class=\"elementor-widget-container\">\n\t\t\t\t\t<div class=\"elementor-posts-container elementor-posts elementor-posts--skin-cards elementor-grid\">\n\t\t\t\t<article class=\"elementor-post elementor-grid-item post-7365 post type-post status-publish format-standard hentry category-economia\">\n\t\t\t<div class=\"elementor-post__card\">\n\t\t\t\t<div class=\"elementor-post__text\">\n\t\t\t\t<h1 class=\"elementor-post__title\">\n\t\t\t<a href=\"https:\/\/oyntv.co\/noticias\/casinos-of-winnipeg-banquet-event-planning\/\" >\n\t\t\t\tCasinos of Winnipeg Banquet Event Planning\u200b\t\t\t<\/a>\n\t\t<\/h1>\n\t\t\t\t<div class=\"elementor-post__excerpt\">\n\t\t\t<p>CDN LISTCASINOS \u2261 Coupons Sports Sign On Tips Casinos of Winnipeg Banquet Event Planning\u200b Explore<\/p>\n\t\t<\/div>\n\t\t\t\t\t<a class=\"elementor-post__read-more\" href=\"https:\/\/oyntv.co\/noticias\/casinos-of-winnipeg-banquet-event-planning\/\" >\n\t\t\t\tVer M\u00e1s\t\t\t<\/a>\n\t\t\t\t<\/div>\n\t\t\t\t<div class=\"elementor-post__meta-data\">\n\t\t\t\t\t<span class=\"elementor-post-date\">\n\t\t\tabril 8, 2026\t\t<\/span>\n\t\t\t\t<\/div>\n\t\t\t\t\t<\/div>\n\t\t<\/article>\n\t\t\t\t<article class=\"elementor-post elementor-grid-item post-7364 post type-post status-publish format-standard hentry category-economia\">\n\t\t\t<div class=\"elementor-post__card\">\n\t\t\t\t<div class=\"elementor-post__text\">\n\t\t\t\t<h1 class=\"elementor-post__title\">\n\t\t\t<a href=\"https:\/\/oyntv.co\/noticias\/top-rated-online-casino-australia\/\" >\n\t\t\t\tTop Rated Online Casino Australia\t\t\t<\/a>\n\t\t<\/h1>\n\t\t\t\t<div class=\"elementor-post__excerpt\">\n\t\t\t<p>BESTLISTGAME \u2261 Perks Poker Log On Learn Top Rated Online Casino Australia Welcome If you<\/p>\n\t\t<\/div>\n\t\t\t\t\t<a class=\"elementor-post__read-more\" href=\"https:\/\/oyntv.co\/noticias\/top-rated-online-casino-australia\/\" >\n\t\t\t\tVer M\u00e1s\t\t\t<\/a>\n\t\t\t\t<\/div>\n\t\t\t\t<div class=\"elementor-post__meta-data\">\n\t\t\t\t\t<span class=\"elementor-post-date\">\n\t\t\tmarzo 2, 2026\t\t<\/span>\n\t\t\t\t<\/div>\n\t\t\t\t\t<\/div>\n\t\t<\/article>\n\t\t\t\t<article class=\"elementor-post elementor-grid-item post-7362 post type-post status-publish format-standard hentry category-economia\">\n\t\t\t<div class=\"elementor-post__card\">\n\t\t\t\t<div class=\"elementor-post__text\">\n\t\t\t\t<h1 class=\"elementor-post__title\">\n\t\t\t<a href=\"https:\/\/oyntv.co\/noticias\/casino-online-welcome-bonus-australia-guide\/\" >\n\t\t\t\tCasino Online Welcome Bonus Australia Guide\t\t\t<\/a>\n\t\t<\/h1>\n\t\t\t\t<div class=\"elementor-post__excerpt\">\n\t\t\t<p>TOP LISTGAME \u2261 Promos Poker Log In Learn Casino Online Welcome Bonus Australia Guide Here<\/p>\n\t\t<\/div>\n\t\t\t\t\t<a class=\"elementor-post__read-more\" href=\"https:\/\/oyntv.co\/noticias\/casino-online-welcome-bonus-australia-guide\/\" >\n\t\t\t\tVer M\u00e1s\t\t\t<\/a>\n\t\t\t\t<\/div>\n\t\t\t\t<div class=\"elementor-post__meta-data\">\n\t\t\t\t\t<span class=\"elementor-post-date\">\n\t\t\tdiciembre 31, 2025\t\t<\/span>\n\t\t\t\t<\/div>\n\t\t\t\t\t<\/div>\n\t\t<\/article>\n\t\t\t\t<\/div>\n\n\n\t\t\n\t\t\t\t<\/div>\n\t\t\t\t<\/div>\n\t\t\t\t\t\t<\/div>\n\t\t\t\t\t<\/div>\n\t\t<\/div>\n\t\t\t\t\t\t\t\t<\/div>\n\t\t\t\t\t<\/div>\n\t\t<\/section>\n\t\t\t\t<section class=\"elementor-section elementor-top-section elementor-element elementor-element-6cca7a9 elementor-section-boxed elementor-section-height-default elementor-section-height-default\" data-id=\"6cca7a9\" data-element_type=\"section\">\n\t\t\t\t\t\t<div class=\"elementor-container elementor-column-gap-default\">\n\t\t\t\t\t\t\t<div class=\"elementor-row\">\n\t\t\t\t\t<div class=\"elementor-column elementor-col-100 elementor-top-column elementor-element elementor-element-0da7f32\" data-id=\"0da7f32\" data-element_type=\"column\">\n\t\t\t<div class=\"elementor-column-wrap elementor-element-populated\">\n\t\t\t\t\t\t\t<div class=\"elementor-widget-wrap\">\n\t\t\t\t\t\t<div class=\"elementor-element elementor-element-936a6e1 elementor-widget__width-initial elementor-widget elementor-widget-cv-list-blog-post-layout\" data-id=\"936a6e1\" data-element_type=\"widget\" data-widget_type=\"cv-list-blog-post-layout.default\">\n\t\t\t\t<div class=\"elementor-widget-container\">\n\t\t\t<div id=\"cv-list-post-layout\" class=\"block-936a6e1 cv-block cv-block-list--layout-three\"><h2 class=\"cv-block-title align--left layout--one\"><span>NORTE DE SANTANDER<\/span><\/h2>    <div class=\"cv-post-wrapper cv-post-no--imagemargin column--two\">\r\n                        <article post-id=\"post-7343\" class=\"cv-post post-format--standard\" itemscope itemtype=\"http:\/\/schema.org\/articleBody\">\r\n                    <div class=\"cv-post-left-wrap\">\r\n                        <div class=\"cv-post-thumb\">\r\n                            <a href=\"https:\/\/oyntv.co\/noticias\/se-encuentra-en-alerta-la-playa-de-belen\/\"><img src=\"https:\/\/oyntv.co\/noticias\/wp-content\/uploads\/2022\/12\/IMG-20221201-WA0029.jpg\" alt=\"Se encuentra en alerta La Playa de Bel\u00e9n\"\/><\/a>\r\n                            <div class=\"cv-post-date\" itemprop=\"datePublished\"><a href=\"https:\/\/oyntv.co\/noticias\/se-encuentra-en-alerta-la-playa-de-belen\/\">01 Dic<\/a><\/div>                        <\/div>\r\n                    <\/div><!-- .cv-post-left-wrap -->\r\n                    <div class=\"cv-post-right-wrap\">\r\n                         \r\n                        <h2 class=\"cv-post-title\">\r\n                            <a href=\"https:\/\/oyntv.co\/noticias\/se-encuentra-en-alerta-la-playa-de-belen\/\" target=\"_self\">\r\n                                Se encuentra en alerta La Playa de Bel\u00e9n                            <\/a>\r\n                        <\/h2>\r\n                        <div class=\"cv-post-content\" itemprop=\"description\">En alerta se encuentran los organismos de socorro ante una avalancha en la vereda La Esmeralda, jurisdicci\u00f3n del corregimiento de Aspasica, comprensi\u00f3n rural del municipio de La Playa de Bel\u00e9n.&hellip;<\/div><div class=\"cv-read-more\"><a href=https:\/\/oyntv.co\/noticias\/se-encuentra-en-alerta-la-playa-de-belen\/>Ver M\u00e1s<i class=\"fas fa-arrow-right\"><\/i><\/a><\/div>\r\n                        <div class=\"cv-post-meta cv-meta-icon-show\">\r\n                                                    <\/div>\r\n                    <\/div><!-- .cv-post-right-wrap -->\r\n                <\/article>\r\n                        <article post-id=\"post-7117\" class=\"cv-post post-format--standard\" itemscope itemtype=\"http:\/\/schema.org\/articleBody\">\r\n                    <div class=\"cv-post-left-wrap\">\r\n                        <div class=\"cv-post-thumb\">\r\n                            <a href=\"https:\/\/oyntv.co\/noticias\/reconocido-medico-en-cucuta-y-su-hija-fueron-hallados-muertos-en-su-apartamento\/\"><img src=\"https:\/\/oyntv.co\/noticias\/wp-content\/uploads\/2022\/11\/padre_e_hija_fallecidos_0.jpg\" alt=\"Reconocido m\u00e9dico en C\u00facuta y su hija fueron hallados muertos en su apartamento\"\/><\/a>\r\n                            <div class=\"cv-post-date\" itemprop=\"datePublished\"><a href=\"https:\/\/oyntv.co\/noticias\/reconocido-medico-en-cucuta-y-su-hija-fueron-hallados-muertos-en-su-apartamento\/\">04 Nov<\/a><\/div>                        <\/div>\r\n                    <\/div><!-- .cv-post-left-wrap -->\r\n                    <div class=\"cv-post-right-wrap\">\r\n                         \r\n                        <h2 class=\"cv-post-title\">\r\n                            <a href=\"https:\/\/oyntv.co\/noticias\/reconocido-medico-en-cucuta-y-su-hija-fueron-hallados-muertos-en-su-apartamento\/\" target=\"_self\">\r\n                                Reconocido m\u00e9dico en C\u00facuta y su hija fueron hallados muertos en su apartamento                            <\/a>\r\n                        <\/h2>\r\n                        <div class=\"cv-post-content\" itemprop=\"description\">Un hecho de intolerancia al parecer le cobr\u00f3 la vida a padre e hija en la tarde\u00a0 noche de este jueves en C\u00facuta, en el edificio de apartamentos que resid\u00edan,&hellip;<\/div><div class=\"cv-read-more\"><a href=https:\/\/oyntv.co\/noticias\/reconocido-medico-en-cucuta-y-su-hija-fueron-hallados-muertos-en-su-apartamento\/>Ver M\u00e1s<i class=\"fas fa-arrow-right\"><\/i><\/a><\/div>\r\n                        <div class=\"cv-post-meta cv-meta-icon-show\">\r\n                                                    <\/div>\r\n                    <\/div><!-- .cv-post-right-wrap -->\r\n                <\/article>\r\n            <\/div><\/div>\t\t<\/div>\n\t\t\t\t<\/div>\n\t\t\t\t\t\t<\/div>\n\t\t\t\t\t<\/div>\n\t\t<\/div>\n\t\t\t\t\t\t\t\t<\/div>\n\t\t\t\t\t<\/div>\n\t\t<\/section>\n\t\t\t\t<section class=\"elementor-section elementor-top-section elementor-element elementor-element-c4bdfea elementor-section-boxed elementor-section-height-default elementor-section-height-default\" data-id=\"c4bdfea\" data-element_type=\"section\">\n\t\t\t\t\t\t<div class=\"elementor-container elementor-column-gap-default\">\n\t\t\t\t\t\t\t<div class=\"elementor-row\">\n\t\t\t\t\t<div class=\"elementor-column elementor-col-100 elementor-top-column elementor-element elementor-element-24cabd9\" data-id=\"24cabd9\" data-element_type=\"column\">\n\t\t\t<div class=\"elementor-column-wrap elementor-element-populated\">\n\t\t\t\t\t\t\t<div class=\"elementor-widget-wrap\">\n\t\t\t\t\t\t<div class=\"elementor-element elementor-element-bb61a13 elementor-widget elementor-widget-heading\" data-id=\"bb61a13\" data-element_type=\"widget\" data-widget_type=\"heading.default\">\n\t\t\t\t<div class=\"elementor-widget-container\">\n\t\t\t<h2 class=\"elementor-heading-title elementor-size-default\">DEPORTES<\/h2>\t\t<\/div>\n\t\t\t\t<\/div>\n\t\t\t\t<div class=\"elementor-element elementor-element-c2e6734 elementor-grid-3 elementor-grid-tablet-2 elementor-grid-mobile-1 elementor-posts--thumbnail-top elementor-card-shadow-yes elementor-posts__hover-gradient elementor-widget elementor-widget-posts\" data-id=\"c2e6734\" data-element_type=\"widget\" data-settings=\"{&quot;cards_columns&quot;:&quot;3&quot;,&quot;cards_columns_tablet&quot;:&quot;2&quot;,&quot;cards_columns_mobile&quot;:&quot;1&quot;,&quot;cards_row_gap&quot;:{&quot;unit&quot;:&quot;px&quot;,&quot;size&quot;:35,&quot;sizes&quot;:[]},&quot;cards_row_gap_tablet&quot;:{&quot;unit&quot;:&quot;px&quot;,&quot;size&quot;:&quot;&quot;,&quot;sizes&quot;:[]},&quot;cards_row_gap_mobile&quot;:{&quot;unit&quot;:&quot;px&quot;,&quot;size&quot;:&quot;&quot;,&quot;sizes&quot;:[]}}\" data-widget_type=\"posts.cards\">\n\t\t\t\t<div class=\"elementor-widget-container\">\n\t\t\t\t\t<div class=\"elementor-posts-container elementor-posts elementor-posts--skin-cards elementor-grid\">\n\t\t\t\t<article class=\"elementor-post elementor-grid-item post-7137 post type-post status-publish format-standard has-post-thumbnail hentry category-deportes\">\n\t\t\t<div class=\"elementor-post__card\">\n\t\t\t\t<a class=\"elementor-post__thumbnail__link\" href=\"https:\/\/oyntv.co\/noticias\/con-falcao-de-regreso-en-la-cancha-rayo-vallecano-vencio-al-real-madrid\/\" ><div class=\"elementor-post__thumbnail\"><img width=\"300\" height=\"169\" src=\"https:\/\/oyntv.co\/noticias\/wp-content\/uploads\/2022\/11\/rayo-vence-real-madrid-300x169.webp\" class=\"attachment-medium size-medium\" alt=\"\" loading=\"lazy\" srcset=\"https:\/\/oyntv.co\/noticias\/wp-content\/uploads\/2022\/11\/rayo-vence-real-madrid-300x169.webp 300w, https:\/\/oyntv.co\/noticias\/wp-content\/uploads\/2022\/11\/rayo-vence-real-madrid-1024x576.webp 1024w, https:\/\/oyntv.co\/noticias\/wp-content\/uploads\/2022\/11\/rayo-vence-real-madrid-768x432.webp 768w, https:\/\/oyntv.co\/noticias\/wp-content\/uploads\/2022\/11\/rayo-vence-real-madrid.webp 1200w\" sizes=\"(max-width: 300px) 100vw, 300px\" \/><\/div><\/a>\n\t\t\t\t<div class=\"elementor-post__badge\">Deportes<\/div>\n\t\t\t\t<div class=\"elementor-post__text\">\n\t\t\t\t<h4 class=\"elementor-post__title\">\n\t\t\t<a href=\"https:\/\/oyntv.co\/noticias\/con-falcao-de-regreso-en-la-cancha-rayo-vallecano-vencio-al-real-madrid\/\" >\n\t\t\t\tCon Falcao de regreso en la cancha, Rayo Vallecano venci\u00f3 al Real Madrid\t\t\t<\/a>\n\t\t<\/h4>\n\t\t\t\t<div class=\"elementor-post__excerpt\">\n\t\t\t<p>El Real Madrid cedi\u00f3 el liderato liguero al Barcelona este lunes al caer 3-2 en<\/p>\n\t\t<\/div>\n\t\t\t\t\t<a class=\"elementor-post__read-more\" href=\"https:\/\/oyntv.co\/noticias\/con-falcao-de-regreso-en-la-cancha-rayo-vallecano-vencio-al-real-madrid\/\" >\n\t\t\t\tVer M\u00e1s\t\t\t<\/a>\n\t\t\t\t<\/div>\n\t\t\t\t<div class=\"elementor-post__meta-data\">\n\t\t\t\t\t<span class=\"elementor-post-date\">\n\t\t\tnoviembre 8, 2022\t\t<\/span>\n\t\t\t\t<\/div>\n\t\t\t\t\t<\/div>\n\t\t<\/article>\n\t\t\t\t<article class=\"elementor-post elementor-grid-item post-7093 post type-post status-publish format-standard has-post-thumbnail hentry category-deportes\">\n\t\t\t<div class=\"elementor-post__card\">\n\t\t\t\t<a class=\"elementor-post__thumbnail__link\" href=\"https:\/\/oyntv.co\/noticias\/cuales-son-los-deportes-que-hacen-parte-de-los-juegos-de-mar-y-playa\/\" ><div class=\"elementor-post__thumbnail\"><img width=\"300\" height=\"204\" src=\"https:\/\/oyntv.co\/noticias\/wp-content\/uploads\/2022\/11\/portadacentrocaribesantamarta2022-1-300x204.jpg\" class=\"attachment-medium size-medium\" alt=\"\" loading=\"lazy\" srcset=\"https:\/\/oyntv.co\/noticias\/wp-content\/uploads\/2022\/11\/portadacentrocaribesantamarta2022-1-300x204.jpg 300w, https:\/\/oyntv.co\/noticias\/wp-content\/uploads\/2022\/11\/portadacentrocaribesantamarta2022-1-305x207.jpg 305w, https:\/\/oyntv.co\/noticias\/wp-content\/uploads\/2022\/11\/portadacentrocaribesantamarta2022-1.jpg 753w\" sizes=\"(max-width: 300px) 100vw, 300px\" \/><\/div><\/a>\n\t\t\t\t<div class=\"elementor-post__badge\">Deportes<\/div>\n\t\t\t\t<div class=\"elementor-post__text\">\n\t\t\t\t<h4 class=\"elementor-post__title\">\n\t\t\t<a href=\"https:\/\/oyntv.co\/noticias\/cuales-son-los-deportes-que-hacen-parte-de-los-juegos-de-mar-y-playa\/\" >\n\t\t\t\t\u00bfCu\u00e1les son los deportes que hacen parte de los Juegos de Mar y Playa?\t\t\t<\/a>\n\t\t<\/h4>\n\t\t\t\t<div class=\"elementor-post__excerpt\">\n\t\t\t<p>Colombia sigue siendo epicentro de importantes eventos deportivos. Despu\u00e9s de haber acogido los Juegos Bolivarianos<\/p>\n\t\t<\/div>\n\t\t\t\t\t<a class=\"elementor-post__read-more\" href=\"https:\/\/oyntv.co\/noticias\/cuales-son-los-deportes-que-hacen-parte-de-los-juegos-de-mar-y-playa\/\" >\n\t\t\t\tVer M\u00e1s\t\t\t<\/a>\n\t\t\t\t<\/div>\n\t\t\t\t<div class=\"elementor-post__meta-data\">\n\t\t\t\t\t<span class=\"elementor-post-date\">\n\t\t\tnoviembre 2, 2022\t\t<\/span>\n\t\t\t\t<\/div>\n\t\t\t\t\t<\/div>\n\t\t<\/article>\n\t\t\t\t<article class=\"elementor-post elementor-grid-item post-7005 post type-post status-publish format-standard has-post-thumbnail hentry category-deportes\">\n\t\t\t<div class=\"elementor-post__card\">\n\t\t\t\t<a class=\"elementor-post__thumbnail__link\" href=\"https:\/\/oyntv.co\/noticias\/david-ospina-galardonado-como-el-mejor-arquero-del-mes-en-arabia-saudita\/\" ><div class=\"elementor-post__thumbnail\"><img width=\"300\" height=\"169\" src=\"https:\/\/oyntv.co\/noticias\/wp-content\/uploads\/2022\/10\/descarga-2-7-300x169.webp\" class=\"attachment-medium size-medium\" alt=\"\" loading=\"lazy\" srcset=\"https:\/\/oyntv.co\/noticias\/wp-content\/uploads\/2022\/10\/descarga-2-7-300x169.webp 300w, https:\/\/oyntv.co\/noticias\/wp-content\/uploads\/2022\/10\/descarga-2-7.webp 515w\" sizes=\"(max-width: 300px) 100vw, 300px\" \/><\/div><\/a>\n\t\t\t\t<div class=\"elementor-post__badge\">Deportes<\/div>\n\t\t\t\t<div class=\"elementor-post__text\">\n\t\t\t\t<h4 class=\"elementor-post__title\">\n\t\t\t<a href=\"https:\/\/oyntv.co\/noticias\/david-ospina-galardonado-como-el-mejor-arquero-del-mes-en-arabia-saudita\/\" >\n\t\t\t\tDavid Ospina, galardonado como el mejor arquero del mes en Arabia Saudita\t\t\t<\/a>\n\t\t<\/h4>\n\t\t\t\t<div class=\"elementor-post__excerpt\">\n\t\t\t<p>El colombiano David Ospina, fichaje estrella en esta temporada del Al-Nassr, ha respondido como se<\/p>\n\t\t<\/div>\n\t\t\t\t\t<a class=\"elementor-post__read-more\" href=\"https:\/\/oyntv.co\/noticias\/david-ospina-galardonado-como-el-mejor-arquero-del-mes-en-arabia-saudita\/\" >\n\t\t\t\tVer M\u00e1s\t\t\t<\/a>\n\t\t\t\t<\/div>\n\t\t\t\t<div class=\"elementor-post__meta-data\">\n\t\t\t\t\t<span class=\"elementor-post-date\">\n\t\t\toctubre 28, 2022\t\t<\/span>\n\t\t\t\t<\/div>\n\t\t\t\t\t<\/div>\n\t\t<\/article>\n\t\t\t\t<\/div>\n\n\n\t\t\n\t\t\t\t<\/div>\n\t\t\t\t<\/div>\n\t\t\t\t\t\t<\/div>\n\t\t\t\t\t<\/div>\n\t\t<\/div>\n\t\t\t\t\t\t\t\t<\/div>\n\t\t\t\t\t<\/div>\n\t\t<\/section>\n\t\t\t\t<section class=\"elementor-section elementor-top-section elementor-element elementor-element-75c3885 elementor-section-boxed elementor-section-height-default elementor-section-height-default\" data-id=\"75c3885\" data-element_type=\"section\">\n\t\t\t\t\t\t<div class=\"elementor-container elementor-column-gap-default\">\n\t\t\t\t\t\t\t<div class=\"elementor-row\">\n\t\t\t\t\t<div class=\"elementor-column elementor-col-100 elementor-top-column elementor-element elementor-element-663931c\" data-id=\"663931c\" data-element_type=\"column\">\n\t\t\t<div class=\"elementor-column-wrap elementor-element-populated\">\n\t\t\t\t\t\t\t<div class=\"elementor-widget-wrap\">\n\t\t\t\t\t\t<div class=\"elementor-element elementor-element-1f9c7ef elementor-widget elementor-widget-spacer\" data-id=\"1f9c7ef\" data-element_type=\"widget\" data-widget_type=\"spacer.default\">\n\t\t\t\t<div class=\"elementor-widget-container\">\n\t\t\t\t\t<div class=\"elementor-spacer\">\n\t\t\t<div class=\"elementor-spacer-inner\"><\/div>\n\t\t<\/div>\n\t\t\t\t<\/div>\n\t\t\t\t<\/div>\n\t\t\t\t<div class=\"elementor-element elementor-element-e29c542 elementor-widget elementor-widget-heading\" data-id=\"e29c542\" data-element_type=\"widget\" data-widget_type=\"heading.default\">\n\t\t\t\t<div class=\"elementor-widget-container\">\n\t\t\t<h2 class=\"elementor-heading-title elementor-size-default\">NACIONAL<\/h2>\t\t<\/div>\n\t\t\t\t<\/div>\n\t\t\t\t\t\t<\/div>\n\t\t\t\t\t<\/div>\n\t\t<\/div>\n\t\t\t\t\t\t\t\t<\/div>\n\t\t\t\t\t<\/div>\n\t\t<\/section>\n\t\t\t\t<section class=\"elementor-section elementor-top-section elementor-element elementor-element-8063096 elementor-section-boxed elementor-section-height-default elementor-section-height-default\" data-id=\"8063096\" data-element_type=\"section\">\n\t\t\t\t\t\t<div class=\"elementor-container elementor-column-gap-default\">\n\t\t\t\t\t\t\t<div class=\"elementor-row\">\n\t\t\t\t\t<div class=\"elementor-column elementor-col-100 elementor-top-column elementor-element elementor-element-3079105\" data-id=\"3079105\" data-element_type=\"column\">\n\t\t\t<div class=\"elementor-column-wrap elementor-element-populated\">\n\t\t\t\t\t\t\t<div class=\"elementor-widget-wrap\">\n\t\t\t\t\t\t<div class=\"elementor-element elementor-element-9783d03 elementor-widget elementor-widget-cv-masonry-blog-post-layout\" data-id=\"9783d03\" data-element_type=\"widget\" data-widget_type=\"cv-masonry-blog-post-layout.default\">\n\t\t\t\t<div class=\"elementor-widget-container\">\n\t\t\t<div id=\"cv-masonry-post-layout\" class=\"block-9783d03 cv-block cv-masonry-post-layout cv-block-masonry--layout-one cv-block-grid--layout-one\">    <div class=\"cv-post-wrapper cv-post--imagemargin column--three\">\r\n                        <article post-id=\"post-7349\" class=\"cv-post post-format--standard\" itemscope itemtype=\"http:\/\/schema.org\/articleBody\">\r\n                                        <div class=\"cv-post-thumb\">\r\n                        <a href=\"https:\/\/oyntv.co\/noticias\/volvera-el-uso-obligatorio-de-tapabocas-en-colombia\/\"><img src=\"https:\/\/oyntv.co\/noticias\/wp-content\/uploads\/2022\/12\/IMG-20221202-WA0007.jpg\" alt=\"Volver\u00e1 el uso obligatorio de tapabocas en Colombia\"\/><\/a>\r\n                    <\/div>\r\n                    <h2 class=\"cv-post-title\">\r\n                        <a href=\"https:\/\/oyntv.co\/noticias\/volvera-el-uso-obligatorio-de-tapabocas-en-colombia\/\" target=\"_self\">\r\n                            Volver\u00e1 el uso obligatorio de tapabocas en Colombia                        <\/a>\r\n                    <\/h2>\r\n                    <div class=\"cv-post-meta cv-meta-icon-show\">\r\n                        <span class=\"cv-post-date cv-post-meta-item\" itemprop=\"datePublished\"><a href=\"https:\/\/oyntv.co\/noticias\/volvera-el-uso-obligatorio-de-tapabocas-en-colombia\/\">diciembre 2, 2022<\/a><\/span><span class=\"cv-post-cats-wrap cv-post-meta-item\"><span class=\"cv-post-cat\"><a href=\"https:\/\/oyntv.co\/noticias\/category\/nacional\/\">Nacional<\/a><\/span><\/span>                    <\/div>\r\n                <div class=\"cv-post-content\" itemprop=\"description\">El Ministerio de Salud y Protecci\u00f3n Social inform\u00f3 este viernes que los colombianos deber\u00e1n volver&hellip;<\/div><div class=\"cv-read-more\"><a href=https:\/\/oyntv.co\/noticias\/volvera-el-uso-obligatorio-de-tapabocas-en-colombia\/>Ver M\u00e1s<i class=\"fas fa-arrow-right\"><\/i><\/a><\/div>                <\/article>\r\n                        <article post-id=\"post-7346\" class=\"cv-post post-format--standard\" itemscope itemtype=\"http:\/\/schema.org\/articleBody\">\r\n                                        <div class=\"cv-post-thumb\">\r\n                        <a href=\"https:\/\/oyntv.co\/noticias\/globo-pirotecnico-destruyo-37-motos-y-ocho-carros-en-medellin\/\"><img src=\"https:\/\/oyntv.co\/noticias\/wp-content\/uploads\/2022\/12\/IMG-20221201-WA0031.jpg\" alt=\"Globo pirot\u00e9cnico destruy\u00f3 37 motos y ocho carros en Medell\u00edn\"\/><\/a>\r\n                    <\/div>\r\n                    <h2 class=\"cv-post-title\">\r\n                        <a href=\"https:\/\/oyntv.co\/noticias\/globo-pirotecnico-destruyo-37-motos-y-ocho-carros-en-medellin\/\" target=\"_self\">\r\n                            Globo pirot\u00e9cnico destruy\u00f3 37 motos y ocho carros en Medell\u00edn                        <\/a>\r\n                    <\/h2>\r\n                    <div class=\"cv-post-meta cv-meta-icon-show\">\r\n                        <span class=\"cv-post-date cv-post-meta-item\" itemprop=\"datePublished\"><a href=\"https:\/\/oyntv.co\/noticias\/globo-pirotecnico-destruyo-37-motos-y-ocho-carros-en-medellin\/\">diciembre 1, 2022<\/a><\/span><span class=\"cv-post-cats-wrap cv-post-meta-item\"><span class=\"cv-post-cat\"><a href=\"https:\/\/oyntv.co\/noticias\/category\/nacional\/\">Nacional<\/a><\/span><\/span>                    <\/div>\r\n                <div class=\"cv-post-content\" itemprop=\"description\">La emergencia se report\u00f3 en el barrio La Mansi\u00f3n. A trav\u00e9s de la l\u00ednea 123&hellip;<\/div><div class=\"cv-read-more\"><a href=https:\/\/oyntv.co\/noticias\/globo-pirotecnico-destruyo-37-motos-y-ocho-carros-en-medellin\/>Ver M\u00e1s<i class=\"fas fa-arrow-right\"><\/i><\/a><\/div>                <\/article>\r\n                        <article post-id=\"post-7341\" class=\"cv-post post-format--standard\" itemscope itemtype=\"http:\/\/schema.org\/articleBody\">\r\n                                        <div class=\"cv-post-thumb\">\r\n                        <a href=\"https:\/\/oyntv.co\/noticias\/dos-hermanos-murieron-por-la-creciente-de-un-rio-luego-de-fuertes-lluvias-en-santander\/\"><img src=\"https:\/\/oyntv.co\/noticias\/wp-content\/uploads\/2022\/11\/descarga-1-7.webp\" alt=\"Dos hermanos murieron por la creciente de un r\u00edo luego de fuertes lluvias en Santander\"\/><\/a>\r\n                    <\/div>\r\n                    <h2 class=\"cv-post-title\">\r\n                        <a href=\"https:\/\/oyntv.co\/noticias\/dos-hermanos-murieron-por-la-creciente-de-un-rio-luego-de-fuertes-lluvias-en-santander\/\" target=\"_self\">\r\n                            Dos hermanos murieron por la creciente de un r\u00edo luego de fuertes lluvias en Santander                        <\/a>\r\n                    <\/h2>\r\n                    <div class=\"cv-post-meta cv-meta-icon-show\">\r\n                        <span class=\"cv-post-date cv-post-meta-item\" itemprop=\"datePublished\"><a href=\"https:\/\/oyntv.co\/noticias\/dos-hermanos-murieron-por-la-creciente-de-un-rio-luego-de-fuertes-lluvias-en-santander\/\">noviembre 30, 2022<\/a><\/span><span class=\"cv-post-cats-wrap cv-post-meta-item\"><span class=\"cv-post-cat\"><a href=\"https:\/\/oyntv.co\/noticias\/category\/nacional\/\">Nacional<\/a><\/span><\/span>                    <\/div>\r\n                <div class=\"cv-post-content\" itemprop=\"description\">Las autoridades de Santander confirmaron el hallazgo de\u00a0los cuerpos de los hermanos Gilberto y Camila&hellip;<\/div><div class=\"cv-read-more\"><a href=https:\/\/oyntv.co\/noticias\/dos-hermanos-murieron-por-la-creciente-de-un-rio-luego-de-fuertes-lluvias-en-santander\/>Ver M\u00e1s<i class=\"fas fa-arrow-right\"><\/i><\/a><\/div>                <\/article>\r\n                        <article post-id=\"post-7334\" class=\"cv-post post-format--standard\" itemscope itemtype=\"http:\/\/schema.org\/articleBody\">\r\n                                        <div class=\"cv-post-thumb\">\r\n                        <a href=\"https:\/\/oyntv.co\/noticias\/capturado-hombre-por-abusar-de-nina-de-cinco-anos-con-discapacidad-en-bogota\/\"><img src=\"https:\/\/oyntv.co\/noticias\/wp-content\/uploads\/2022\/11\/descarga-17.webp\" alt=\"Capturado hombre por abusar de ni\u00f1a de cinco a\u00f1os con discapacidad en Bogot\u00e1\"\/><\/a>\r\n                    <\/div>\r\n                    <h2 class=\"cv-post-title\">\r\n                        <a href=\"https:\/\/oyntv.co\/noticias\/capturado-hombre-por-abusar-de-nina-de-cinco-anos-con-discapacidad-en-bogota\/\" target=\"_self\">\r\n                            Capturado hombre por abusar de ni\u00f1a de cinco a\u00f1os con discapacidad en Bogot\u00e1                        <\/a>\r\n                    <\/h2>\r\n                    <div class=\"cv-post-meta cv-meta-icon-show\">\r\n                        <span class=\"cv-post-date cv-post-meta-item\" itemprop=\"datePublished\"><a href=\"https:\/\/oyntv.co\/noticias\/capturado-hombre-por-abusar-de-nina-de-cinco-anos-con-discapacidad-en-bogota\/\">noviembre 30, 2022<\/a><\/span><span class=\"cv-post-cats-wrap cv-post-meta-item\"><span class=\"cv-post-cat\"><a href=\"https:\/\/oyntv.co\/noticias\/category\/nacional\/\">Nacional<\/a><\/span><\/span>                    <\/div>\r\n                <div class=\"cv-post-content\" itemprop=\"description\">Un hombre fue capturado en Bogot\u00e1 por el delito de acto sexual abusivo con menor&hellip;<\/div><div class=\"cv-read-more\"><a href=https:\/\/oyntv.co\/noticias\/capturado-hombre-por-abusar-de-nina-de-cinco-anos-con-discapacidad-en-bogota\/>Ver M\u00e1s<i class=\"fas fa-arrow-right\"><\/i><\/a><\/div>                <\/article>\r\n                        <article post-id=\"post-7331\" class=\"cv-post post-format--standard\" itemscope itemtype=\"http:\/\/schema.org\/articleBody\">\r\n                                        <div class=\"cv-post-thumb\">\r\n                        <a href=\"https:\/\/oyntv.co\/noticias\/padres-dejan-olvidado-a-su-pequeno-bebe-de-11-meses-en-un-taxi-en-cartagena\/\"><img src=\"https:\/\/oyntv.co\/noticias\/wp-content\/uploads\/2022\/11\/IMG-20221129-WA0013.jpg\" alt=\"Padres dejan olvidado a su peque\u00f1o beb\u00e9 de 11 meses en un taxi en Cartagena\"\/><\/a>\r\n                    <\/div>\r\n                    <h2 class=\"cv-post-title\">\r\n                        <a href=\"https:\/\/oyntv.co\/noticias\/padres-dejan-olvidado-a-su-pequeno-bebe-de-11-meses-en-un-taxi-en-cartagena\/\" target=\"_self\">\r\n                            Padres dejan olvidado a su peque\u00f1o beb\u00e9 de 11 meses en un taxi en Cartagena                        <\/a>\r\n                    <\/h2>\r\n                    <div class=\"cv-post-meta cv-meta-icon-show\">\r\n                        <span class=\"cv-post-date cv-post-meta-item\" itemprop=\"datePublished\"><a href=\"https:\/\/oyntv.co\/noticias\/padres-dejan-olvidado-a-su-pequeno-bebe-de-11-meses-en-un-taxi-en-cartagena\/\">noviembre 29, 2022<\/a><\/span><span class=\"cv-post-cats-wrap cv-post-meta-item\"><span class=\"cv-post-cat\"><a href=\"https:\/\/oyntv.co\/noticias\/category\/nacional\/\">Nacional<\/a><\/span><\/span>                    <\/div>\r\n                <div class=\"cv-post-content\" itemprop=\"description\">En la ma\u00f1ana de este martes, una pareja y su peque\u00f1o hijo abordaron el veh\u00edculo&hellip;<\/div><div class=\"cv-read-more\"><a href=https:\/\/oyntv.co\/noticias\/padres-dejan-olvidado-a-su-pequeno-bebe-de-11-meses-en-un-taxi-en-cartagena\/>Ver M\u00e1s<i class=\"fas fa-arrow-right\"><\/i><\/a><\/div>                <\/article>\r\n                        <article post-id=\"post-7323\" class=\"cv-post post-format--standard\" itemscope itemtype=\"http:\/\/schema.org\/articleBody\">\r\n                                        <div class=\"cv-post-thumb\">\r\n                        <a href=\"https:\/\/oyntv.co\/noticias\/murio-menor-de-edad-luego-de-procedimiento-policial-en-cali\/\"><img src=\"https:\/\/oyntv.co\/noticias\/wp-content\/uploads\/2022\/11\/IMG-20221128-WA0065.jpg\" alt=\"Muri\u00f3 menor de edad luego de procedimiento policial en Cali\"\/><\/a>\r\n                    <\/div>\r\n                    <h2 class=\"cv-post-title\">\r\n                        <a href=\"https:\/\/oyntv.co\/noticias\/murio-menor-de-edad-luego-de-procedimiento-policial-en-cali\/\" target=\"_self\">\r\n                            Muri\u00f3 menor de edad luego de procedimiento policial en Cali                        <\/a>\r\n                    <\/h2>\r\n                    <div class=\"cv-post-meta cv-meta-icon-show\">\r\n                        <span class=\"cv-post-date cv-post-meta-item\" itemprop=\"datePublished\"><a href=\"https:\/\/oyntv.co\/noticias\/murio-menor-de-edad-luego-de-procedimiento-policial-en-cali\/\">noviembre 28, 2022<\/a><\/span><span class=\"cv-post-cats-wrap cv-post-meta-item\"><span class=\"cv-post-cat\"><a href=\"https:\/\/oyntv.co\/noticias\/category\/nacional\/\">Nacional<\/a><\/span><\/span>                    <\/div>\r\n                <div class=\"cv-post-content\" itemprop=\"description\">En un video de seguridad, se muestra tanto al adolescente de 17 a\u00f1os, como a&hellip;<\/div><div class=\"cv-read-more\"><a href=https:\/\/oyntv.co\/noticias\/murio-menor-de-edad-luego-de-procedimiento-policial-en-cali\/>Ver M\u00e1s<i class=\"fas fa-arrow-right\"><\/i><\/a><\/div>                <\/article>\r\n            <\/div><\/div>\t\t<\/div>\n\t\t\t\t<\/div>\n\t\t\t\t\t\t<\/div>\n\t\t\t\t\t<\/div>\n\t\t<\/div>\n\t\t\t\t\t\t\t\t<\/div>\n\t\t\t\t\t<\/div>\n\t\t<\/section>\n\t\t\t\t<section class=\"elementor-section elementor-top-section elementor-element elementor-element-5a15461 elementor-section-boxed elementor-section-height-default elementor-section-height-default\" data-id=\"5a15461\" data-element_type=\"section\">\n\t\t\t\t\t\t<div class=\"elementor-container elementor-column-gap-default\">\n\t\t\t\t\t\t\t<div class=\"elementor-row\">\n\t\t\t\t\t<div class=\"elementor-column elementor-col-100 elementor-top-column elementor-element elementor-element-128c4aa\" data-id=\"128c4aa\" data-element_type=\"column\">\n\t\t\t<div class=\"elementor-column-wrap elementor-element-populated\">\n\t\t\t\t\t\t\t<div class=\"elementor-widget-wrap\">\n\t\t\t\t\t\t<div class=\"elementor-element elementor-element-2a1a84c elementor-widget elementor-widget-spacer\" data-id=\"2a1a84c\" data-element_type=\"widget\" data-widget_type=\"spacer.default\">\n\t\t\t\t<div class=\"elementor-widget-container\">\n\t\t\t\t\t<div class=\"elementor-spacer\">\n\t\t\t<div class=\"elementor-spacer-inner\"><\/div>\n\t\t<\/div>\n\t\t\t\t<\/div>\n\t\t\t\t<\/div>\n\t\t\t\t<div class=\"elementor-element elementor-element-b018b9d elementor-widget elementor-widget-heading\" data-id=\"b018b9d\" data-element_type=\"widget\" data-widget_type=\"heading.default\">\n\t\t\t\t<div class=\"elementor-widget-container\">\n\t\t\t<h2 class=\"elementor-heading-title elementor-size-default\">INTERNACIONAL<\/h2>\t\t<\/div>\n\t\t\t\t<\/div>\n\t\t\t\t\t\t<\/div>\n\t\t\t\t\t<\/div>\n\t\t<\/div>\n\t\t\t\t\t\t\t\t<\/div>\n\t\t\t\t\t<\/div>\n\t\t<\/section>\n\t\t\t\t<section class=\"elementor-section elementor-top-section elementor-element elementor-element-3adc1e1 elementor-section-boxed elementor-section-height-default elementor-section-height-default\" data-id=\"3adc1e1\" data-element_type=\"section\">\n\t\t\t\t\t\t<div class=\"elementor-container elementor-column-gap-default\">\n\t\t\t\t\t\t\t<div class=\"elementor-row\">\n\t\t\t\t\t<div class=\"elementor-column elementor-col-100 elementor-top-column elementor-element elementor-element-46a9811\" data-id=\"46a9811\" data-element_type=\"column\">\n\t\t\t<div class=\"elementor-column-wrap elementor-element-populated\">\n\t\t\t\t\t\t\t<div class=\"elementor-widget-wrap\">\n\t\t\t\t\t\t<div class=\"elementor-element elementor-element-479a565 elementor-widget elementor-widget-cv-grid-blog-post-layout\" data-id=\"479a565\" data-element_type=\"widget\" data-widget_type=\"cv-grid-blog-post-layout.default\">\n\t\t\t\t<div class=\"elementor-widget-container\">\n\t\t\t<div id=\"cv-grid-post-layout\" class=\"block-479a565 cv-block cv-block-grid--layout-one\">    <div class=\"cv-post-wrapper cv-post--imagemargin column--three\">\r\n                        <article post-id=\"post-7326\" class=\"cv-post post-format--standard\" itemscope itemtype=\"http:\/\/schema.org\/articleBody\">\r\n                                        <div class=\"cv-post-thumb\">\r\n                        <a href=\"https:\/\/oyntv.co\/noticias\/la-oms-cambia-el-nombre-de-la-viruela-del-mono-a-mpox\/\"><img src=\"https:\/\/oyntv.co\/noticias\/wp-content\/uploads\/2022\/11\/viruela_del_mono_en_el_huila_1_0.jpg\" alt=\"La OMS cambia el nombre de la &#8216;viruela del mono&#8217; a mpox\"\/><\/a>\r\n                    <\/div>\r\n                    <h2 class=\"cv-post-title\">\r\n                        <a href=\"https:\/\/oyntv.co\/noticias\/la-oms-cambia-el-nombre-de-la-viruela-del-mono-a-mpox\/\" target=\"_self\">\r\n                            La OMS cambia el nombre de la &#8216;viruela del mono&#8217; a mpox                        <\/a>\r\n                    <\/h2>\r\n                    <div class=\"cv-post-meta cv-meta-icon-show\">\r\n                        <span class=\"cv-post-date cv-post-meta-item\" itemprop=\"datePublished\"><a href=\"https:\/\/oyntv.co\/noticias\/la-oms-cambia-el-nombre-de-la-viruela-del-mono-a-mpox\/\">noviembre 29, 2022<\/a><\/span><span class=\"cv-post-cats-wrap cv-post-meta-item\"><span class=\"cv-post-cat\"><a href=\"https:\/\/oyntv.co\/noticias\/category\/internacional\/\">Internacional<\/a><\/span><\/span>                    <\/div>\r\n                <div class=\"cv-post-content\" itemprop=\"description\">La Organizaci\u00f3n Mundial de la Salud (OMS), anunci\u00f3 que la viruela del mono adoptar\u00e1 el&hellip;<\/div><div class=\"cv-read-more\"><a href=https:\/\/oyntv.co\/noticias\/la-oms-cambia-el-nombre-de-la-viruela-del-mono-a-mpox\/>Ver M\u00e1s<i class=\"fas fa-arrow-right\"><\/i><\/a><\/div>                <\/article>\r\n                        <article post-id=\"post-7314\" class=\"cv-post post-format--standard\" itemscope itemtype=\"http:\/\/schema.org\/articleBody\">\r\n                                        <div class=\"cv-post-thumb\">\r\n                        <a href=\"https:\/\/oyntv.co\/noticias\/caen-seis-grandes-narcotraficantes-de-cartel-que-movia-la-tercera-parte-de-la-cocaina-en-europa\/\"><img src=\"https:\/\/oyntv.co\/noticias\/wp-content\/uploads\/2022\/11\/descarga-1-6.webp\" alt=\"Caen seis grandes narcotraficantes de cartel que mov\u00eda la tercera parte de la coca\u00edna en Europa\"\/><\/a>\r\n                    <\/div>\r\n                    <h2 class=\"cv-post-title\">\r\n                        <a href=\"https:\/\/oyntv.co\/noticias\/caen-seis-grandes-narcotraficantes-de-cartel-que-movia-la-tercera-parte-de-la-cocaina-en-europa\/\" target=\"_self\">\r\n                            Caen seis grandes narcotraficantes de cartel que mov\u00eda la tercera parte de la coca\u00edna en Europa                        <\/a>\r\n                    <\/h2>\r\n                    <div class=\"cv-post-meta cv-meta-icon-show\">\r\n                        <span class=\"cv-post-date cv-post-meta-item\" itemprop=\"datePublished\"><a href=\"https:\/\/oyntv.co\/noticias\/caen-seis-grandes-narcotraficantes-de-cartel-que-movia-la-tercera-parte-de-la-cocaina-en-europa\/\">noviembre 28, 2022<\/a><\/span><span class=\"cv-post-cats-wrap cv-post-meta-item\"><span class=\"cv-post-cat\"><a href=\"https:\/\/oyntv.co\/noticias\/category\/internacional\/\">Internacional<\/a><\/span><\/span>                    <\/div>\r\n                <div class=\"cv-post-content\" itemprop=\"description\">La polic\u00eda de Europa, Europol anunci\u00f3 que desmantel\u00f3 un gigantesco cartel de tr\u00e1fico de coca\u00edna\u00a0y&hellip;<\/div><div class=\"cv-read-more\"><a href=https:\/\/oyntv.co\/noticias\/caen-seis-grandes-narcotraficantes-de-cartel-que-movia-la-tercera-parte-de-la-cocaina-en-europa\/>Ver M\u00e1s<i class=\"fas fa-arrow-right\"><\/i><\/a><\/div>                <\/article>\r\n                        <article post-id=\"post-7302\" class=\"cv-post post-format--standard\" itemscope itemtype=\"http:\/\/schema.org\/articleBody\">\r\n                                        <div class=\"cv-post-thumb\">\r\n                        <a href=\"https:\/\/oyntv.co\/noticias\/autoridades-chinas-ordenan-cerrar-beijing-tras-record-en-casos-diarios-de-covid\/\"><img src=\"https:\/\/oyntv.co\/noticias\/wp-content\/uploads\/2022\/11\/IMG-20221124-WA0066.jpg\" alt=\"Autoridades chinas ordenan cerrar Beijing tras r\u00e9cord en casos diarios de covid\"\/><\/a>\r\n                    <\/div>\r\n                    <h2 class=\"cv-post-title\">\r\n                        <a href=\"https:\/\/oyntv.co\/noticias\/autoridades-chinas-ordenan-cerrar-beijing-tras-record-en-casos-diarios-de-covid\/\" target=\"_self\">\r\n                            Autoridades chinas ordenan cerrar Beijing tras r\u00e9cord en casos diarios de covid                        <\/a>\r\n                    <\/h2>\r\n                    <div class=\"cv-post-meta cv-meta-icon-show\">\r\n                        <span class=\"cv-post-date cv-post-meta-item\" itemprop=\"datePublished\"><a href=\"https:\/\/oyntv.co\/noticias\/autoridades-chinas-ordenan-cerrar-beijing-tras-record-en-casos-diarios-de-covid\/\">noviembre 24, 2022<\/a><\/span><span class=\"cv-post-cats-wrap cv-post-meta-item\"><span class=\"cv-post-cat\"><a href=\"https:\/\/oyntv.co\/noticias\/category\/internacional\/\">Internacional<\/a><\/span><\/span>                    <\/div>\r\n                <div class=\"cv-post-content\" itemprop=\"description\">El n\u00famero de casos diarios de covid-19 en China alcanz\u00f3 un r\u00e9cord desde el inicio&hellip;<\/div><div class=\"cv-read-more\"><a href=https:\/\/oyntv.co\/noticias\/autoridades-chinas-ordenan-cerrar-beijing-tras-record-en-casos-diarios-de-covid\/>Ver M\u00e1s<i class=\"fas fa-arrow-right\"><\/i><\/a><\/div>                <\/article>\r\n            <\/div><\/div>\t\t<\/div>\n\t\t\t\t<\/div>\n\t\t\t\t\t\t<\/div>\n\t\t\t\t\t<\/div>\n\t\t<\/div>\n\t\t\t\t\t\t\t\t<\/div>\n\t\t\t\t\t<\/div>\n\t\t<\/section>\n\t\t\t\t<section class=\"elementor-section elementor-top-section elementor-element elementor-element-5b8a043 elementor-section-boxed elementor-section-height-default elementor-section-height-default\" data-id=\"5b8a043\" data-element_type=\"section\">\n\t\t\t\t\t\t<div class=\"elementor-container elementor-column-gap-default\">\n\t\t\t\t\t\t\t<div class=\"elementor-row\">\n\t\t\t\t\t<div class=\"elementor-column elementor-col-100 elementor-top-column elementor-element elementor-element-0acf092\" data-id=\"0acf092\" data-element_type=\"column\">\n\t\t\t<div class=\"elementor-column-wrap elementor-element-populated\">\n\t\t\t\t\t\t\t<div class=\"elementor-widget-wrap\">\n\t\t\t\t\t\t<div class=\"elementor-element elementor-element-c706a33 elementor-widget elementor-widget-spacer\" data-id=\"c706a33\" data-element_type=\"widget\" data-widget_type=\"spacer.default\">\n\t\t\t\t<div class=\"elementor-widget-container\">\n\t\t\t\t\t<div class=\"elementor-spacer\">\n\t\t\t<div class=\"elementor-spacer-inner\"><\/div>\n\t\t<\/div>\n\t\t\t\t<\/div>\n\t\t\t\t<\/div>\n\t\t\t\t<div class=\"elementor-element elementor-element-0085253 elementor-widget elementor-widget-heading\" data-id=\"0085253\" data-element_type=\"widget\" data-widget_type=\"heading.default\">\n\t\t\t\t<div class=\"elementor-widget-container\">\n\t\t\t<h2 class=\"elementor-heading-title elementor-size-default\">ENTRETENIMIENTO<\/h2>\t\t<\/div>\n\t\t\t\t<\/div>\n\t\t\t\t\t\t<\/div>\n\t\t\t\t\t<\/div>\n\t\t<\/div>\n\t\t\t\t\t\t\t\t<\/div>\n\t\t\t\t\t<\/div>\n\t\t<\/section>\n\t\t\t\t<section class=\"elementor-section elementor-top-section elementor-element elementor-element-fe0d2af elementor-section-boxed elementor-section-height-default elementor-section-height-default\" data-id=\"fe0d2af\" data-element_type=\"section\">\n\t\t\t\t\t\t<div class=\"elementor-container elementor-column-gap-default\">\n\t\t\t\t\t\t\t<div class=\"elementor-row\">\n\t\t\t\t\t<div class=\"elementor-column elementor-col-100 elementor-top-column elementor-element elementor-element-a25e5b0\" data-id=\"a25e5b0\" data-element_type=\"column\">\n\t\t\t<div class=\"elementor-column-wrap elementor-element-populated\">\n\t\t\t\t\t\t\t<div class=\"elementor-widget-wrap\">\n\t\t\t\t\t\t<div class=\"elementor-element elementor-element-c74c8fc elementor-widget elementor-widget-post-carousel\" data-id=\"c74c8fc\" data-element_type=\"widget\" data-widget_type=\"post-carousel.default\">\n\t\t\t\t<div class=\"elementor-widget-container\">\n\t\t\t<div id=\"wpmagazine-modules-lite-post-carousel-block-c74c8fc\" class=\"wpmagazine-modules-lite-post-carousel-block block-c74c8fc cvmm-block cvmm-block-post-carousel--layout-default\">    <div class=\"cvmm-post-wrapper cvmm-post-carousel-wrapper cvmm-post--imagemargin\"  data-dots=0 data-loop=1 data-control=0 data-auto=1 data-type=0 data-speed=2500 data-column=4>\r\n                        <article post-id=\"post-7259\" class=\"cvmm-post post-format--standard\" itemscope itemtype=\"http:\/\/schema.org\/articleBody\">\r\n                                                <div class=\"cvmm-post-thumb\">\r\n                                <a href=\"https:\/\/oyntv.co\/noticias\/recuerda-la-cartilla-nacho-ahora-sera-digital\/\" target=\"_self\"><img src=\"https:\/\/oyntv.co\/noticias\/wp-content\/uploads\/2022\/11\/descarga-3-2.webp\" alt=\"\u00bfRecuerda la Cartilla Nacho? Ahora ser\u00e1 digital\"\/><\/a>\r\n                            <\/div>\r\n                                                <h2 class=\"cvmm-post-title\">\r\n                                <a href=\"https:\/\/oyntv.co\/noticias\/recuerda-la-cartilla-nacho-ahora-sera-digital\/\" target=\"_self\">\r\n                                    \u00bfRecuerda la Cartilla Nacho? Ahora ser\u00e1 digital                                <\/a>\r\n                            <\/h2>\r\n                    \r\n                    <div class=\"cvmm-post-meta cvmm-meta-icon-hide\">\r\n                        <span class=\"cvmm-post-date cvmm-post-meta-item\" itemprop=\"datePublished\"><a href=\"https:\/\/oyntv.co\/noticias\/recuerda-la-cartilla-nacho-ahora-sera-digital\/\" target=\"_self\">noviembre 22, 2022<\/a><\/span><span class=\"cvmm-post-cats-wrap cvmm-post-meta-item\"><span class=\"cvmm-post-cat cvmm-cat-3\"><a href=\"https:\/\/oyntv.co\/noticias\/category\/entretenimiento\/\" target=\"_self\">Entretenimiento<\/a><\/span><\/span>                    <\/div>\r\n                    <div class=\"cvmm-post-content\" itemprop=\"description\">La Cartilla de Nacho, con la que muchas personas en Colombia y Am\u00e9rica Latina\u00a0han aprendido&hellip;<\/div><div class=\"cvmm-read-more\"><a href=\"https:\/\/oyntv.co\/noticias\/recuerda-la-cartilla-nacho-ahora-sera-digital\/\" target=\"_self\">Ver M\u00e1s<i class=\"fas fa-arrow-right\"><\/i><\/a><\/div>                <\/article>\r\n                        <article post-id=\"post-7210\" class=\"cvmm-post post-format--standard\" itemscope itemtype=\"http:\/\/schema.org\/articleBody\">\r\n                                                <div class=\"cvmm-post-thumb\">\r\n                                <a href=\"https:\/\/oyntv.co\/noticias\/shakira-elogia-a-natalia-de-castro-reina-del-carnaval-de-barranquilla-2023\/\" target=\"_self\"><img src=\"https:\/\/oyntv.co\/noticias\/wp-content\/uploads\/2022\/11\/IMG-20221111-WA0027.jpg\" alt=\"Shakira elogia a Natalia De Castro reina del carnaval de Barranquilla 2023\u00a0\"\/><\/a>\r\n                            <\/div>\r\n                                                <h2 class=\"cvmm-post-title\">\r\n                                <a href=\"https:\/\/oyntv.co\/noticias\/shakira-elogia-a-natalia-de-castro-reina-del-carnaval-de-barranquilla-2023\/\" target=\"_self\">\r\n                                    Shakira elogia a Natalia De Castro reina del carnaval de Barranquilla 2023\u00a0                                <\/a>\r\n                            <\/h2>\r\n                    \r\n                    <div class=\"cvmm-post-meta cvmm-meta-icon-hide\">\r\n                        <span class=\"cvmm-post-date cvmm-post-meta-item\" itemprop=\"datePublished\"><a href=\"https:\/\/oyntv.co\/noticias\/shakira-elogia-a-natalia-de-castro-reina-del-carnaval-de-barranquilla-2023\/\" target=\"_self\">noviembre 11, 2022<\/a><\/span><span class=\"cvmm-post-cats-wrap cvmm-post-meta-item\"><span class=\"cvmm-post-cat cvmm-cat-3\"><a href=\"https:\/\/oyntv.co\/noticias\/category\/entretenimiento\/\" target=\"_self\">Entretenimiento<\/a><\/span><\/span>                    <\/div>\r\n                    <div class=\"cvmm-post-content\" itemprop=\"description\">La cantante barranquillera Shakira lanz\u00f3 el pasado 19 de octubre \u2018Monoton\u00eda\u2019 en colaboraci\u00f3n con el&hellip;<\/div><div class=\"cvmm-read-more\"><a href=\"https:\/\/oyntv.co\/noticias\/shakira-elogia-a-natalia-de-castro-reina-del-carnaval-de-barranquilla-2023\/\" target=\"_self\">Ver M\u00e1s<i class=\"fas fa-arrow-right\"><\/i><\/a><\/div>                <\/article>\r\n                        <article post-id=\"post-7181\" class=\"cvmm-post post-format--standard\" itemscope itemtype=\"http:\/\/schema.org\/articleBody\">\r\n                                                <div class=\"cvmm-post-thumb\">\r\n                                <a href=\"https:\/\/oyntv.co\/noticias\/shakira-y-j-balvin-podrian-ser-los-encargados-de-la-apertura-de-catar-2022\/\" target=\"_self\"><img src=\"https:\/\/oyntv.co\/noticias\/wp-content\/uploads\/2022\/11\/descarga-10.webp\" alt=\"Shakira y J Balvin podr\u00edan ser los encargados de la apertura de Catar 2022\"\/><\/a>\r\n                            <\/div>\r\n                                                <h2 class=\"cvmm-post-title\">\r\n                                <a href=\"https:\/\/oyntv.co\/noticias\/shakira-y-j-balvin-podrian-ser-los-encargados-de-la-apertura-de-catar-2022\/\" target=\"_self\">\r\n                                    Shakira y J Balvin podr\u00edan ser los encargados de la apertura de Catar 2022                                <\/a>\r\n                            <\/h2>\r\n                    \r\n                    <div class=\"cvmm-post-meta cvmm-meta-icon-hide\">\r\n                        <span class=\"cvmm-post-date cvmm-post-meta-item\" itemprop=\"datePublished\"><a href=\"https:\/\/oyntv.co\/noticias\/shakira-y-j-balvin-podrian-ser-los-encargados-de-la-apertura-de-catar-2022\/\" target=\"_self\">noviembre 11, 2022<\/a><\/span><span class=\"cvmm-post-cats-wrap cvmm-post-meta-item\"><span class=\"cvmm-post-cat cvmm-cat-3\"><a href=\"https:\/\/oyntv.co\/noticias\/category\/entretenimiento\/\" target=\"_self\">Entretenimiento<\/a><\/span><\/span>                    <\/div>\r\n                    <div class=\"cvmm-post-content\" itemprop=\"description\">Faltan pocos d\u00edas para que comience\u00a0el Mundial de Catar 2022\u00a0, que\u00a0volver\u00e1 a poner en alza&hellip;<\/div><div class=\"cvmm-read-more\"><a href=\"https:\/\/oyntv.co\/noticias\/shakira-y-j-balvin-podrian-ser-los-encargados-de-la-apertura-de-catar-2022\/\" target=\"_self\">Ver M\u00e1s<i class=\"fas fa-arrow-right\"><\/i><\/a><\/div>                <\/article>\r\n                        <article post-id=\"post-7123\" class=\"cvmm-post post-format--standard\" itemscope itemtype=\"http:\/\/schema.org\/articleBody\">\r\n                                                <div class=\"cvmm-post-thumb\">\r\n                                <a href=\"https:\/\/oyntv.co\/noticias\/shakira-y-pique-llegaron-a-acuerdo-sobre-la-custodia-de-sus-hijos\/\" target=\"_self\"><img src=\"https:\/\/oyntv.co\/noticias\/wp-content\/uploads\/2022\/11\/descarga-6.webp\" alt=\"Shakira y Piqu\u00e9 llegaron a acuerdo sobre la custodia de sus hijos\"\/><\/a>\r\n                            <\/div>\r\n                                                <h2 class=\"cvmm-post-title\">\r\n                                <a href=\"https:\/\/oyntv.co\/noticias\/shakira-y-pique-llegaron-a-acuerdo-sobre-la-custodia-de-sus-hijos\/\" target=\"_self\">\r\n                                    Shakira y Piqu\u00e9 llegaron a acuerdo sobre la custodia de sus hijos                                <\/a>\r\n                            <\/h2>\r\n                    \r\n                    <div class=\"cvmm-post-meta cvmm-meta-icon-hide\">\r\n                        <span class=\"cvmm-post-date cvmm-post-meta-item\" itemprop=\"datePublished\"><a href=\"https:\/\/oyntv.co\/noticias\/shakira-y-pique-llegaron-a-acuerdo-sobre-la-custodia-de-sus-hijos\/\" target=\"_self\">noviembre 8, 2022<\/a><\/span><span class=\"cvmm-post-cats-wrap cvmm-post-meta-item\"><span class=\"cvmm-post-cat cvmm-cat-3\"><a href=\"https:\/\/oyntv.co\/noticias\/category\/entretenimiento\/\" target=\"_self\">Entretenimiento<\/a><\/span><\/span>                    <\/div>\r\n                    <div class=\"cvmm-post-content\" itemprop=\"description\">Luego de una medi\u00e1tica separaci\u00f3n, anunciada el pasado 4 de junio,\u00a0Shakira y Gerard Piqu\u00e9\u00a0llegaron a&hellip;<\/div><div class=\"cvmm-read-more\"><a href=\"https:\/\/oyntv.co\/noticias\/shakira-y-pique-llegaron-a-acuerdo-sobre-la-custodia-de-sus-hijos\/\" target=\"_self\">Ver M\u00e1s<i class=\"fas fa-arrow-right\"><\/i><\/a><\/div>                <\/article>\r\n                        <article post-id=\"post-7068\" class=\"cvmm-post post-format--standard\" itemscope itemtype=\"http:\/\/schema.org\/articleBody\">\r\n                                                <div class=\"cvmm-post-thumb\">\r\n                                <a href=\"https:\/\/oyntv.co\/noticias\/duras-criticas-a-la-liendra-por-foto-en-barrio-pablo-escobar\/\" target=\"_self\"><img src=\"https:\/\/oyntv.co\/noticias\/wp-content\/uploads\/2022\/11\/descarga-3.webp\" alt=\"Duras cr\u00edticas a La Liendra por foto en barrio Pablo Escobar\"\/><\/a>\r\n                            <\/div>\r\n                                                <h2 class=\"cvmm-post-title\">\r\n                                <a href=\"https:\/\/oyntv.co\/noticias\/duras-criticas-a-la-liendra-por-foto-en-barrio-pablo-escobar\/\" target=\"_self\">\r\n                                    Duras cr\u00edticas a La Liendra por foto en barrio Pablo Escobar                                <\/a>\r\n                            <\/h2>\r\n                    \r\n                    <div class=\"cvmm-post-meta cvmm-meta-icon-hide\">\r\n                        <span class=\"cvmm-post-date cvmm-post-meta-item\" itemprop=\"datePublished\"><a href=\"https:\/\/oyntv.co\/noticias\/duras-criticas-a-la-liendra-por-foto-en-barrio-pablo-escobar\/\" target=\"_self\">noviembre 1, 2022<\/a><\/span><span class=\"cvmm-post-cats-wrap cvmm-post-meta-item\"><span class=\"cvmm-post-cat cvmm-cat-3\"><a href=\"https:\/\/oyntv.co\/noticias\/category\/entretenimiento\/\" target=\"_self\">Entretenimiento<\/a><\/span><\/span>                    <\/div>\r\n                    <div class=\"cvmm-post-content\" itemprop=\"description\">Mauricio G\u00f3mez, influencer conocido como La Liendra , recibi\u00f3 duras cr\u00edticas en redes sociales luego&hellip;<\/div><div class=\"cvmm-read-more\"><a href=\"https:\/\/oyntv.co\/noticias\/duras-criticas-a-la-liendra-por-foto-en-barrio-pablo-escobar\/\" target=\"_self\">Ver M\u00e1s<i class=\"fas fa-arrow-right\"><\/i><\/a><\/div>                <\/article>\r\n                        <article post-id=\"post-7011\" class=\"cvmm-post post-format--standard\" itemscope itemtype=\"http:\/\/schema.org\/articleBody\">\r\n                                                <div class=\"cvmm-post-thumb\">\r\n                                <a href=\"https:\/\/oyntv.co\/noticias\/revelan-admiracion-de-kanye-west-por-el-partido-nazi-quiso-llamar-hitler-uno-de-sus-albumes\/\" target=\"_self\"><img src=\"https:\/\/oyntv.co\/noticias\/wp-content\/uploads\/2022\/10\/descarga-4-4.webp\" alt=\"Revelan admiraci\u00f3n de Kanye West por el partido Nazi: quiso llamar \u2018Hitler\u2019 uno de sus \u00e1lbumes\"\/><\/a>\r\n                            <\/div>\r\n                                                <h2 class=\"cvmm-post-title\">\r\n                                <a href=\"https:\/\/oyntv.co\/noticias\/revelan-admiracion-de-kanye-west-por-el-partido-nazi-quiso-llamar-hitler-uno-de-sus-albumes\/\" target=\"_self\">\r\n                                    Revelan admiraci\u00f3n de Kanye West por el partido Nazi: quiso llamar \u2018Hitler\u2019 uno de sus \u00e1lbumes                                <\/a>\r\n                            <\/h2>\r\n                    \r\n                    <div class=\"cvmm-post-meta cvmm-meta-icon-hide\">\r\n                        <span class=\"cvmm-post-date cvmm-post-meta-item\" itemprop=\"datePublished\"><a href=\"https:\/\/oyntv.co\/noticias\/revelan-admiracion-de-kanye-west-por-el-partido-nazi-quiso-llamar-hitler-uno-de-sus-albumes\/\" target=\"_self\">octubre 28, 2022<\/a><\/span><span class=\"cvmm-post-cats-wrap cvmm-post-meta-item\"><span class=\"cvmm-post-cat cvmm-cat-3\"><a href=\"https:\/\/oyntv.co\/noticias\/category\/entretenimiento\/\" target=\"_self\">Entretenimiento<\/a><\/span><\/span>                    <\/div>\r\n                    <div class=\"cvmm-post-content\" itemprop=\"description\">Kanye West\u00a0tuvo intenci\u00f3n de publicar un \u00e1lbum titulado \u2018Hitler\u2019 por la fascinaci\u00f3n que sent\u00eda por&hellip;<\/div><div class=\"cvmm-read-more\"><a href=\"https:\/\/oyntv.co\/noticias\/revelan-admiracion-de-kanye-west-por-el-partido-nazi-quiso-llamar-hitler-uno-de-sus-albumes\/\" target=\"_self\">Ver M\u00e1s<i class=\"fas fa-arrow-right\"><\/i><\/a><\/div>                <\/article>\r\n                        <article post-id=\"post-7008\" class=\"cvmm-post post-format--standard\" itemscope itemtype=\"http:\/\/schema.org\/articleBody\">\r\n                                                <div class=\"cvmm-post-thumb\">\r\n                                <a href=\"https:\/\/oyntv.co\/noticias\/pipe-bueno-y-luisa-fernanda-w-vuelven-a-ser-padres\/\" target=\"_self\"><img src=\"https:\/\/oyntv.co\/noticias\/wp-content\/uploads\/2022\/10\/descarga-3-5.webp\" alt=\"Pipe Bueno y Luisa Fernanda W vuelven a ser padres\"\/><\/a>\r\n                            <\/div>\r\n                                                <h2 class=\"cvmm-post-title\">\r\n                                <a href=\"https:\/\/oyntv.co\/noticias\/pipe-bueno-y-luisa-fernanda-w-vuelven-a-ser-padres\/\" target=\"_self\">\r\n                                    Pipe Bueno y Luisa Fernanda W vuelven a ser padres                                <\/a>\r\n                            <\/h2>\r\n                    \r\n                    <div class=\"cvmm-post-meta cvmm-meta-icon-hide\">\r\n                        <span class=\"cvmm-post-date cvmm-post-meta-item\" itemprop=\"datePublished\"><a href=\"https:\/\/oyntv.co\/noticias\/pipe-bueno-y-luisa-fernanda-w-vuelven-a-ser-padres\/\" target=\"_self\">octubre 28, 2022<\/a><\/span><span class=\"cvmm-post-cats-wrap cvmm-post-meta-item\"><span class=\"cvmm-post-cat cvmm-cat-3\"><a href=\"https:\/\/oyntv.co\/noticias\/category\/entretenimiento\/\" target=\"_self\">Entretenimiento<\/a><\/span><\/span>                    <\/div>\r\n                    <div class=\"cvmm-post-content\" itemprop=\"description\">En la madrugada del jueves 27 de octubre, Pipe Bueno present\u00f3 al segundo hijo que&hellip;<\/div><div class=\"cvmm-read-more\"><a href=\"https:\/\/oyntv.co\/noticias\/pipe-bueno-y-luisa-fernanda-w-vuelven-a-ser-padres\/\" target=\"_self\">Ver M\u00e1s<i class=\"fas fa-arrow-right\"><\/i><\/a><\/div>                <\/article>\r\n                        <article post-id=\"post-6967\" class=\"cvmm-post post-format--standard\" itemscope itemtype=\"http:\/\/schema.org\/articleBody\">\r\n                                                <div class=\"cvmm-post-thumb\">\r\n                                <a href=\"https:\/\/oyntv.co\/noticias\/adidas-termina-su-contrato-con-kanye-west-por-comentarios-antisemitas\/\" target=\"_self\"><img src=\"https:\/\/oyntv.co\/noticias\/wp-content\/uploads\/2022\/10\/1200x628-Rapero-Kanye-West.-Foto-Reuters.jpg\" alt=\"Adidas termina su contrato con Kanye West por comentarios antisemitas\"\/><\/a>\r\n                            <\/div>\r\n                                                <h2 class=\"cvmm-post-title\">\r\n                                <a href=\"https:\/\/oyntv.co\/noticias\/adidas-termina-su-contrato-con-kanye-west-por-comentarios-antisemitas\/\" target=\"_self\">\r\n                                    Adidas termina su contrato con Kanye West por comentarios antisemitas                                <\/a>\r\n                            <\/h2>\r\n                    \r\n                    <div class=\"cvmm-post-meta cvmm-meta-icon-hide\">\r\n                        <span class=\"cvmm-post-date cvmm-post-meta-item\" itemprop=\"datePublished\"><a href=\"https:\/\/oyntv.co\/noticias\/adidas-termina-su-contrato-con-kanye-west-por-comentarios-antisemitas\/\" target=\"_self\">octubre 26, 2022<\/a><\/span><span class=\"cvmm-post-cats-wrap cvmm-post-meta-item\"><span class=\"cvmm-post-cat cvmm-cat-3\"><a href=\"https:\/\/oyntv.co\/noticias\/category\/entretenimiento\/\" target=\"_self\">Entretenimiento<\/a><\/span><\/span>                    <\/div>\r\n                    <div class=\"cvmm-post-content\" itemprop=\"description\">La empresa alemana de equipamiento deportivo\u00a0Adidas puso fin a su colaboraci\u00f3n con el rapero estadounidense&hellip;<\/div><div class=\"cvmm-read-more\"><a href=\"https:\/\/oyntv.co\/noticias\/adidas-termina-su-contrato-con-kanye-west-por-comentarios-antisemitas\/\" target=\"_self\">Ver M\u00e1s<i class=\"fas fa-arrow-right\"><\/i><\/a><\/div>                <\/article>\r\n            <\/div><\/div><!-- #wpmagazine-modules-lite-post-carousel-block -->\t\t<\/div>\n\t\t\t\t<\/div>\n\t\t\t\t\t\t<\/div>\n\t\t\t\t\t<\/div>\n\t\t<\/div>\n\t\t\t\t\t\t\t\t<\/div>\n\t\t\t\t\t<\/div>\n\t\t<\/section>\n\t\t\t\t\t\t\t\t\t<\/div>\n\t\t\t<\/div>\n\t\t\t\t\t<\/div>\n\t\t","protected":false},"excerpt":{"rendered":"<p>Petro autoriza a alcaldes en zonas de conflicto para que den \u00f3rdenes a la Fuerza P\u00fablica En su visita a Ituango, Antioquia el presidente Gustavo Petro dio una pol\u00e9mica instrucci\u00f3n a la Fuerza P\u00fablica para que obedezcan a los alcaldes de los 65 municipios con m\u00e1s \u00edndices de violencia. Ver M\u00e1s NORTE DE SANTANDER 29&hellip;&nbsp;<a href=\"https:\/\/oyntv.co\/noticias\/adidas-termina-su-contrato-con-kanye-west-por-comentarios-antisemitas\/\" class=\"\" rel=\"bookmark\">Leer m\u00e1s &raquo;<span class=\"screen-reader-text\">Adidas termina su contrato con Kanye West por comentarios antisemitas<\/span><\/a><\/p>\n","protected":false},"author":1,"featured_media":0,"parent":0,"menu_order":0,"comment_status":"closed","ping_status":"closed","template":"elementor_header_footer","meta":{"neve_meta_sidebar":"","neve_meta_container":"","neve_meta_enable_content_width":"","neve_meta_content_width":0,"neve_meta_title_alignment":"","neve_meta_author_avatar":"","neve_post_elements_order":"","neve_meta_disable_header":"","neve_meta_disable_footer":"","neve_meta_disable_title":""},"blog_post_layout_featured_media_urls":{"thumbnail":"","full":""},"categories_names":null,"comments_number":"0","wpmagazine_modules_lite_featured_media_urls":{"thumbnail":"","cvmm-medium":"","cvmm-medium-plus":"","cvmm-portrait":"","cvmm-medium-square":"","cvmm-large":"","cvmm-small":"","full":""},"_links":{"self":[{"href":"https:\/\/oyntv.co\/noticias\/wp-json\/wp\/v2\/pages\/105"}],"collection":[{"href":"https:\/\/oyntv.co\/noticias\/wp-json\/wp\/v2\/pages"}],"about":[{"href":"https:\/\/oyntv.co\/noticias\/wp-json\/wp\/v2\/types\/page"}],"author":[{"embeddable":true,"href":"https:\/\/oyntv.co\/noticias\/wp-json\/wp\/v2\/users\/1"}],"replies":[{"embeddable":true,"href":"https:\/\/oyntv.co\/noticias\/wp-json\/wp\/v2\/comments?post=105"}],"version-history":[{"count":279,"href":"https:\/\/oyntv.co\/noticias\/wp-json\/wp\/v2\/pages\/105\/revisions"}],"predecessor-version":[{"id":6134,"href":"https:\/\/oyntv.co\/noticias\/wp-json\/wp\/v2\/pages\/105\/revisions\/6134"}],"wp:attachment":[{"href":"https:\/\/oyntv.co\/noticias\/wp-json\/wp\/v2\/media?parent=105"}],"curies":[{"name":"wp","href":"https:\/\/api.w.org\/{rel}","templated":true}]}}